{"id":24847,"date":"2019-05-10T15:23:17","date_gmt":"2019-05-10T14:23:17","guid":{"rendered":"http:\/\/www.bgf.rs\/?page_id=24847"},"modified":"2019-05-10T15:33:22","modified_gmt":"2019-05-10T14:33:22","slug":"nova-koncertna-sezona-19-20","status":"publish","type":"page","link":"https:\/\/www.bgf.rs\/lt\/nova-koncertna-sezona-19-20\/","title":{"rendered":"Nova koncertna sezona 19\/20"},"content":{"rendered":"\n<p>&nbsp;&nbsp;&nbsp;&nbsp;&nbsp;&nbsp;&nbsp;&nbsp;&nbsp;&nbsp;&nbsp;&nbsp;&nbsp;&nbsp;&nbsp;&nbsp;&nbsp;&nbsp; Po\u0161tovane dame i gospodo, uva\u017eena\npubliko, dragi prijatel\u0458i!<\/p>\n\n\n\n<p>&nbsp;&nbsp; &nbsp;&nbsp;&nbsp;&nbsp;&nbsp;&nbsp;&nbsp;&nbsp; Ne\nzna se ta\u010dno da li je Ludvig van Betoven ro\u0111en 15, 16, ili 17. decembra 1770. godine. Jedine pouzdane informacije ostale su o njegovom kr\u0161tenju u crkvi Svetog Remigija\nu Bonu. Danas \u2013 250 godina kasnije, ceo svet vezuje muziku za Betovenovo ime na\nnajlep\u0161i na\u010din, kako to samo i dolikuje. Ludvig van Betoven&#8230; tvorac muzike, div, genije. Ime, koje\nje gotovo svaki \u017eitel\u0458 ove planete \u010duo. Kompozitor, koji je kao nijedan pre, niti posle njega, definisao oblike simfonija, guda\u010dkih kvarteta, klavirskih\nsonata, i \u010diji je uticaj na knji\u017eevnost, filosofiju, pa i na samu savremenu pop-kulturu\ndo danas ostao neprevazi\u0111en. <\/p>\n\n\n\n<p>\u017delimo da ovom istinskom umetniku iska\u017eemo divl\u0458enje. Cela sezona na\u0161eg divnog\norkestra bi\u0107e pod ovim uticajem. Beogradska filharmonija \u0107e izvoditi dela\niz doba kada je Betoven spoznao svetla sveta. Kod nas \u0107ete mo\u0107i da \u010dujete koliko\nje pojedinim muzi\u010dkim stvaraocima bilo te\u0161ko da se, nakon <em>majstorove<\/em> smrti, oslobode tereta njegovog velikog ume\u0107a, i koje je to ponekad radikalne kompozitorske\nnovine zahtevalo. Ne treba zanemariti ni Betovenov uticaj na srpsku kulturu i muziku.\nN\u0458egova ve\u0161tina instrumentacije proslavi\u0107e velike soliste, a o\u010digledna naklonost na\u0161eg idola ka teatru tako\u0111e ne bi trebalo da bude izostavl\u0458ena. <\/p>\n\n\n\n<p>Sve ovo je na\u0161a namera i ogroman izazov za nas. Nikada se jo\u0161 u svojoj istoriji\nBeogradska filharmonija nije tako sveobuhvatno i vi\u0161eslojno upustila u ovako intenzivno\ntuma\u010denje jednog kompozitora, njegove epohe i onoga \u0161to proizilazi iz njegovog stvarala\u010dkog\nopusa. <\/p>\n\n\n\n<p>Ve\u0107 sada vam mogu otkriti apsolutni vrhunac: 21. juna 2020. godine, Beogradska filharmonija i Dortmundska filharmonija\n(orkestar koji u Nema\u010dkoj vodim ve\u0107 7 godina), zajedno \u0107e, istog dana\n(!), izvesti svih devet Betovenovih simfonija! Mo\u017eda \u0107e nam tog dana po\u0107i za rukom,\nda na tako jedinstven na\u010din, odamo po\u010dast ovom velikom muzi\u010daru, i da ovaj dan \u201csimfonijskog\nmaratona\u201d, kome \u0107emo se predati svim srcem i mislima, u\u010dinimo zauvek vrednim se\u0107anja.\n<\/p>\n\n\n\n<p>Nadamo se da \u0107emo se videti, a zasigurno \u0107ete nas \u010duti!<\/p>\n\n\n\n<p>&nbsp; Srda\u010dno,\nva\u0161 Gabrijel Felc<\/p>\n\n\n\n<p>Kompletan repertoar i uslove prodaje mo\u017eete pogledati <a href=\"http:\/\/www.bgf.rs\/wp-content\/uploads\/2019\/05\/Plakat-zapratibetovena-za-stampu-TRIM-MARKS.pdf\">OVDE<\/a>.<\/p>\n","protected":false},"excerpt":{"rendered":"<p>&nbsp;&nbsp;&nbsp;&nbsp;&nbsp;&nbsp;&nbsp;&nbsp;&nbsp;&nbsp;&nbsp;&nbsp;&nbsp;&nbsp;&nbsp;&nbsp;&nbsp;&nbsp; Po\u0161tovane dame i gospodo, uva\u017eena publiko, dragi prijatel\u0458i! &nbsp;&nbsp; &nbsp;&nbsp;&nbsp;&nbsp;&nbsp;&nbsp;&nbsp;&nbsp; Ne zna se ta\u010dno da li je Ludvig van Betoven ro\u0111en 15, 16, ili 17. decembra 1770. godine. Jedine pouzdane informacije ostale su o njegovom kr\u0161tenju u crkvi Svetog Remigija u Bonu. Danas \u2013 250 godina kasnije, ceo svet vezuje muziku za Betovenovo ime [&hellip;]<\/p>\n","protected":false},"author":1,"featured_media":24878,"parent":0,"menu_order":0,"comment_status":"closed","ping_status":"closed","template":"page-landing-18-19.php","meta":{"_acf_changed":false,"footnotes":""},"class_list":["post-24847","page","type-page","status-publish","has-post-thumbnail","hentry"],"acf":[],"yoast_head":"<!-- This site is optimized with the Yoast SEO plugin v23.4 - https:\/\/yoast.com\/wordpress\/plugins\/seo\/ -->\n<title>Nova koncertna sezona 19\/20 | Beogradska filharmonija<\/title>\n<meta name=\"robots\" content=\"index, follow, max-snippet:-1, max-image-preview:large, max-video-preview:-1\" \/>\n<link rel=\"canonical\" href=\"https:\/\/www.bgf.rs\/nova-koncertna-sezona-19-20\/\" \/>\n<meta property=\"og:locale\" content=\"sr_RS\" \/>\n<meta property=\"og:type\" content=\"article\" \/>\n<meta property=\"og:title\" content=\"Nova koncertna sezona 19\/20 | Beogradska filharmonija\" \/>\n<meta property=\"og:description\" content=\"&nbsp;&nbsp;&nbsp;&nbsp;&nbsp;&nbsp;&nbsp;&nbsp;&nbsp;&nbsp;&nbsp;&nbsp;&nbsp;&nbsp;&nbsp;&nbsp;&nbsp;&nbsp; Po\u0161tovane dame i gospodo, uva\u017eena publiko, dragi prijatel\u0458i! &nbsp;&nbsp; &nbsp;&nbsp;&nbsp;&nbsp;&nbsp;&nbsp;&nbsp;&nbsp; Ne zna se ta\u010dno da li je Ludvig van Betoven ro\u0111en 15, 16, ili 17. decembra 1770. godine. Jedine pouzdane informacije ostale su o njegovom kr\u0161tenju u crkvi Svetog Remigija u Bonu. Danas \u2013 250 godina kasnije, ceo svet vezuje muziku za Betovenovo ime [&hellip;]\" \/>\n<meta property=\"og:url\" content=\"https:\/\/www.bgf.rs\/lt\/nova-koncertna-sezona-19-20\/\" \/>\n<meta property=\"og:site_name\" content=\"Beogradska filharmonija\" \/>\n<meta property=\"article:modified_time\" content=\"2019-05-10T14:33:22+00:00\" \/>\n<meta property=\"og:image\" content=\"https:\/\/www.bgf.rs\/wp-content\/uploads\/2019\/05\/1170x450-Latinica-1.jpg\" \/>\n\t<meta property=\"og:image:width\" content=\"1170\" \/>\n\t<meta property=\"og:image:height\" content=\"450\" \/>\n\t<meta property=\"og:image:type\" content=\"image\/jpeg\" \/>\n<meta name=\"twitter:card\" content=\"summary_large_image\" \/>\n<meta name=\"twitter:site\" content=\"@BGFilharmonija\" \/>\n<meta name=\"twitter:label1\" content=\"\u041f\u0440\u043e\u0446\u0435\u045a\u0435\u043d\u043e \u0432\u0440\u0435\u043c\u0435 \u0447\u0438\u0442\u0430\u045a\u0430\" \/>\n\t<meta name=\"twitter:data1\" content=\"2 \u043c\u0438\u043d\u0443\u0442\u0430\" \/>\n<script type=\"application\/ld+json\" class=\"yoast-schema-graph\">{\"@context\":\"https:\/\/schema.org\",\"@graph\":[{\"@type\":\"WebPage\",\"@id\":\"https:\/\/www.bgf.rs\/lt\/nova-koncertna-sezona-19-20\/\",\"url\":\"https:\/\/www.bgf.rs\/lt\/nova-koncertna-sezona-19-20\/\",\"name\":\"Nova koncertna sezona 19\/20 | Beogradska filharmonija\",\"isPartOf\":{\"@id\":\"https:\/\/www.bgf.rs\/#website\"},\"primaryImageOfPage\":{\"@id\":\"https:\/\/www.bgf.rs\/lt\/nova-koncertna-sezona-19-20\/#primaryimage\"},\"image\":{\"@id\":\"https:\/\/www.bgf.rs\/lt\/nova-koncertna-sezona-19-20\/#primaryimage\"},\"thumbnailUrl\":\"https:\/\/www.bgf.rs\/wp-content\/uploads\/2019\/05\/1170x450-Latinica-1.jpg\",\"datePublished\":\"2019-05-10T14:23:17+00:00\",\"dateModified\":\"2019-05-10T14:33:22+00:00\",\"breadcrumb\":{\"@id\":\"https:\/\/www.bgf.rs\/lt\/nova-koncertna-sezona-19-20\/#breadcrumb\"},\"inLanguage\":\"sr-RS\",\"potentialAction\":[{\"@type\":\"ReadAction\",\"target\":[\"https:\/\/www.bgf.rs\/lt\/nova-koncertna-sezona-19-20\/\"]}]},{\"@type\":\"ImageObject\",\"inLanguage\":\"sr-RS\",\"@id\":\"https:\/\/www.bgf.rs\/lt\/nova-koncertna-sezona-19-20\/#primaryimage\",\"url\":\"https:\/\/www.bgf.rs\/wp-content\/uploads\/2019\/05\/1170x450-Latinica-1.jpg\",\"contentUrl\":\"https:\/\/www.bgf.rs\/wp-content\/uploads\/2019\/05\/1170x450-Latinica-1.jpg\",\"width\":1170,\"height\":450},{\"@type\":\"BreadcrumbList\",\"@id\":\"https:\/\/www.bgf.rs\/lt\/nova-koncertna-sezona-19-20\/#breadcrumb\",\"itemListElement\":[{\"@type\":\"ListItem\",\"position\":1,\"name\":\"Home\",\"item\":\"https:\/\/www.bgf.rs\/\"},{\"@type\":\"ListItem\",\"position\":2,\"name\":\"Nova koncertna sezona 19\/20\"}]},{\"@type\":\"WebSite\",\"@id\":\"https:\/\/www.bgf.rs\/#website\",\"url\":\"https:\/\/www.bgf.rs\/\",\"name\":\"Beogradska filharmonija\",\"description\":\"Samo muzika - jer do\u017eivljaj nema cenu!\",\"potentialAction\":[{\"@type\":\"SearchAction\",\"target\":{\"@type\":\"EntryPoint\",\"urlTemplate\":\"https:\/\/www.bgf.rs\/?s={search_term_string}\"},\"query-input\":{\"@type\":\"PropertyValueSpecification\",\"valueRequired\":true,\"valueName\":\"search_term_string\"}}],\"inLanguage\":\"sr-RS\"}]}<\/script>\n<!-- \/ Yoast SEO plugin. -->","yoast_head_json":{"title":"Nova koncertna sezona 19\/20 | Beogradska filharmonija","robots":{"index":"index","follow":"follow","max-snippet":"max-snippet:-1","max-image-preview":"max-image-preview:large","max-video-preview":"max-video-preview:-1"},"canonical":"https:\/\/www.bgf.rs\/nova-koncertna-sezona-19-20\/","og_locale":"sr_RS","og_type":"article","og_title":"Nova koncertna sezona 19\/20 | Beogradska filharmonija","og_description":"&nbsp;&nbsp;&nbsp;&nbsp;&nbsp;&nbsp;&nbsp;&nbsp;&nbsp;&nbsp;&nbsp;&nbsp;&nbsp;&nbsp;&nbsp;&nbsp;&nbsp;&nbsp; Po\u0161tovane dame i gospodo, uva\u017eena publiko, dragi prijatel\u0458i! &nbsp;&nbsp; &nbsp;&nbsp;&nbsp;&nbsp;&nbsp;&nbsp;&nbsp;&nbsp; Ne zna se ta\u010dno da li je Ludvig van Betoven ro\u0111en 15, 16, ili 17. decembra 1770. godine. Jedine pouzdane informacije ostale su o njegovom kr\u0161tenju u crkvi Svetog Remigija u Bonu. Danas \u2013 250 godina kasnije, ceo svet vezuje muziku za Betovenovo ime [&hellip;]","og_url":"https:\/\/www.bgf.rs\/lt\/nova-koncertna-sezona-19-20\/","og_site_name":"Beogradska filharmonija","article_modified_time":"2019-05-10T14:33:22+00:00","og_image":[{"width":1170,"height":450,"url":"https:\/\/www.bgf.rs\/wp-content\/uploads\/2019\/05\/1170x450-Latinica-1.jpg","type":"image\/jpeg"}],"twitter_card":"summary_large_image","twitter_site":"@BGFilharmonija","twitter_misc":{"\u041f\u0440\u043e\u0446\u0435\u045a\u0435\u043d\u043e \u0432\u0440\u0435\u043c\u0435 \u0447\u0438\u0442\u0430\u045a\u0430":"2 \u043c\u0438\u043d\u0443\u0442\u0430"},"schema":{"@context":"https:\/\/schema.org","@graph":[{"@type":"WebPage","@id":"https:\/\/www.bgf.rs\/lt\/nova-koncertna-sezona-19-20\/","url":"https:\/\/www.bgf.rs\/lt\/nova-koncertna-sezona-19-20\/","name":"Nova koncertna sezona 19\/20 | Beogradska filharmonija","isPartOf":{"@id":"https:\/\/www.bgf.rs\/#website"},"primaryImageOfPage":{"@id":"https:\/\/www.bgf.rs\/lt\/nova-koncertna-sezona-19-20\/#primaryimage"},"image":{"@id":"https:\/\/www.bgf.rs\/lt\/nova-koncertna-sezona-19-20\/#primaryimage"},"thumbnailUrl":"https:\/\/www.bgf.rs\/wp-content\/uploads\/2019\/05\/1170x450-Latinica-1.jpg","datePublished":"2019-05-10T14:23:17+00:00","dateModified":"2019-05-10T14:33:22+00:00","breadcrumb":{"@id":"https:\/\/www.bgf.rs\/lt\/nova-koncertna-sezona-19-20\/#breadcrumb"},"inLanguage":"sr-RS","potentialAction":[{"@type":"ReadAction","target":["https:\/\/www.bgf.rs\/lt\/nova-koncertna-sezona-19-20\/"]}]},{"@type":"ImageObject","inLanguage":"sr-RS","@id":"https:\/\/www.bgf.rs\/lt\/nova-koncertna-sezona-19-20\/#primaryimage","url":"https:\/\/www.bgf.rs\/wp-content\/uploads\/2019\/05\/1170x450-Latinica-1.jpg","contentUrl":"https:\/\/www.bgf.rs\/wp-content\/uploads\/2019\/05\/1170x450-Latinica-1.jpg","width":1170,"height":450},{"@type":"BreadcrumbList","@id":"https:\/\/www.bgf.rs\/lt\/nova-koncertna-sezona-19-20\/#breadcrumb","itemListElement":[{"@type":"ListItem","position":1,"name":"Home","item":"https:\/\/www.bgf.rs\/"},{"@type":"ListItem","position":2,"name":"Nova koncertna sezona 19\/20"}]},{"@type":"WebSite","@id":"https:\/\/www.bgf.rs\/#website","url":"https:\/\/www.bgf.rs\/","name":"Beogradska filharmonija","description":"Samo muzika - jer do\u017eivljaj nema cenu!","potentialAction":[{"@type":"SearchAction","target":{"@type":"EntryPoint","urlTemplate":"https:\/\/www.bgf.rs\/?s={search_term_string}"},"query-input":{"@type":"PropertyValueSpecification","valueRequired":true,"valueName":"search_term_string"}}],"inLanguage":"sr-RS"}]}},"_links":{"self":[{"href":"https:\/\/www.bgf.rs\/lt\/wp-json\/wp\/v2\/pages\/24847\/"}],"collection":[{"href":"https:\/\/www.bgf.rs\/lt\/wp-json\/wp\/v2\/pages\/"}],"about":[{"href":"https:\/\/www.bgf.rs\/lt\/wp-json\/wp\/v2\/types\/page\/"}],"author":[{"embeddable":true,"href":"https:\/\/www.bgf.rs\/lt\/wp-json\/wp\/v2\/users\/1\/"}],"replies":[{"embeddable":true,"href":"https:\/\/www.bgf.rs\/lt\/wp-json\/wp\/v2\/comments\/?post=24847"}],"version-history":[{"count":0,"href":"https:\/\/www.bgf.rs\/lt\/wp-json\/wp\/v2\/pages\/24847\/revisions\/"}],"wp:featuredmedia":[{"embeddable":true,"href":"https:\/\/www.bgf.rs\/lt\/wp-json\/wp\/v2\/media\/24878\/"}],"wp:attachment":[{"href":"https:\/\/www.bgf.rs\/lt\/wp-json\/wp\/v2\/media\/?parent=24847"}],"curies":[{"name":"wp","href":"https:\/\/api.w.org\/{rel}","templated":true}]}}