{"id":2465,"date":"2015-12-20T21:58:30","date_gmt":"2015-12-20T20:58:30","guid":{"rendered":"http:\/\/www.bgf.rs\/lt\/?page_id=2465"},"modified":"2017-11-13T19:04:43","modified_gmt":"2017-11-13T18:04:43","slug":"nova-koncertna-dvorana","status":"publish","type":"page","link":"https:\/\/www.bgf.rs\/lt\/projekti-i-aktivnosti\/nova-koncertna-dvorana\/","title":{"rendered":"Nova koncertna dvorana"},"content":{"rendered":"<p lang=\"sr-YU\">RU\u017dA CIVILIZACIJA \u2013 POGLED\u00a0U\u00a0BUDU\u0106NOST<\/p>\n<p><span lang=\"sr-YU\">Vekovima je jedan mali pojas dunavske obale koji se prote\u017ee paralelno sa Velikim ratnim ostrvom do U\u0161\u0107a, ispod Beograda, bio podru\u010dje drevne granice isto\u010dnih i zapadnih carstava. Carstva su nastajala i nestajala, ali je granica ostajala kao mesto sukoba i ukr\u0161tanja civilizacija i imperija, od Ugarske i Vizantije do Habsbur\u0161ke monarhije i Otomanskog carstva. Mesto verskih i kulturnih pro\u017eimanja, koje je \u010desto bilo popri\u0161te ratova, ali, ni\u0161ta manje, i izvor najve\u0107ih pobeda civilizacije nad varvarstvom.<\/span><\/p>\n<p><span lang=\"sr-YU\">Poput ru\u017ee vetrova, ovo raskr\u0161\u0107e kultura predstavl\u0458a <\/span><span lang=\"sr-YU\"><i>Ru\u017eu civilizacija<\/i><\/span><span lang=\"sr-YU\">, jedinstveno srce geokulturnog ukr\u0161tanja Istoka i Zapada, Severa i Juga. U tu <\/span><span lang=\"sr-YU\"><i>Ru\u017eu civilizacija<\/i><\/span><span lang=\"sr-YU\"> uliva se i izlazi iz nje Dunav<\/span><span lang=\"sh-YU\">,<\/span><span lang=\"sr-YU\"> kao drevni put izme\u0111u Centralne i Isto\u010dne Evrope. Ta magistrala svetova u jednom istorijskom i duhovnom smislu Beogradsku filharmoniju, zajedno sa Be\u010dkom, Bratislavskom i Budimpe\u0161tanskom, uvodi u red dunavskih filharmonija.<\/span><\/p>\n<p><span lang=\"sr-YU\">Ta jaka simbolika, \u010diji istorijski podtekst nadilazi \u010dak i onaj koji sa sobom nose Gibraltar i Bosfor, jedinstvena je u svetu i predstavl\u0458a samu kvintesenciju Balkana. Prepoznavanje tog segmenta kulturnog epicentra Zapadnog Balkana jeste afirmacija mira i saradnje u regionu, koji samo na taj na\u010din nema ulogu konfliktne periferije, ve\u0107 barometra prosperiteta nove epohe u kojoj se Evropa i Azija, Mediteran i Baltik uvezuju kroz neraskidive niti kulturne i ekonomske integracije.<\/span><\/p>\n<p><span lang=\"sr-YU\">Kao univerzalni jezik, u toj viziji muzika je vi\u0161e od simbola. Muzika je najprirodnije drevno sredstvo komunikacije, koje Balkan \u010dini mestom dinami\u010dnih interakcija i modela ukr\u0161tanja razlika<\/span><span lang=\"sh-YU\">.<\/span><\/p>\n<p><span lang=\"sr-YU\">Ako \u017eelimo da\u00a0<\/span><span lang=\"sr-YU\"> Beograd bude kulturna prestonica Evrope, dovol\u0458no je da, za po\u010detak, kreativno prepoznamo svoje komparativne prednosti koje su gradili vekovi pre nas, i da defini\u0161emo viziju grada koji \u0107e po svojoj arhitekturi, kulturnim sadr\u017eajima, originalnosti i kvalitetu \u017eivota biti prepoznat kao evropska metropola.<\/span><\/p>\n<p><span lang=\"sr-YU\">Imamo priliku da simboli\u010dku snagu koncepta <\/span><span lang=\"sr-YU\"><i>Ru\u017ee civilizacija<\/i><\/span><span lang=\"sr-YU\"> preto\u010dimo u urbanisti\u010dku viziju moderne Srbije, a izgradnjom prve koncertne dvorane na obali Dunava ova simbolika dobija i svoje fizi\u010dko otelotvorenje.<\/span><\/p>\n<p><span lang=\"sr-YU\">Zgrada Beogradske filharmonije, kao projekat kojim se ne obele\u017eavaju konflikti, ve\u0107 vekovi kulturnog pro\u017eimanja na ovom prostoru, simboli\u010dka je vizija budu\u0107nosti i onog njenog kreativnog aspekta ukr\u0161tanja razli\u010ditih kultura. <\/span><span lang=\"sr-YU\"><i>Ru\u017ea civilizacija<\/i><\/span><span lang=\"sr-YU\"> je oma\u017e vekovima mira, u pro\u0161losti i, jo\u0161 vi\u0161e, budu\u0107nosti. Ona je pobeda civilizacije nad varvarstvom.<\/span><\/p>\n","protected":false},"excerpt":{"rendered":"<p>RU\u017dA CIVILIZACIJA \u2013 POGLED\u00a0U\u00a0BUDU\u0106NOST Vekovima je jedan mali pojas dunavske obale koji se prote\u017ee paralelno sa Velikim ratnim ostrvom do U\u0161\u0107a, ispod Beograda, bio podru\u010dje drevne granice isto\u010dnih i zapadnih carstava. Carstva su nastajala i nestajala, ali je granica ostajala kao mesto sukoba i ukr\u0161tanja civilizacija i imperija, od Ugarske i Vizantije do Habsbur\u0161ke monarhije [&hellip;]<\/p>\n","protected":false},"author":1,"featured_media":4994,"parent":1678,"menu_order":0,"comment_status":"closed","ping_status":"closed","template":"page-foundation-new-concert-hall.php","meta":{"_acf_changed":false,"footnotes":""},"class_list":["post-2465","page","type-page","status-publish","has-post-thumbnail","hentry"],"acf":[],"yoast_head":"<!-- This site is optimized with the Yoast SEO plugin v23.4 - https:\/\/yoast.com\/wordpress\/plugins\/seo\/ -->\n<title>Nova koncertna dvorana | Beogradska filharmonija<\/title>\n<meta name=\"robots\" content=\"index, follow, max-snippet:-1, max-image-preview:large, max-video-preview:-1\" \/>\n<link rel=\"canonical\" href=\"https:\/\/www.bgf.rs\/projekti-i-aktivnosti\/nova-koncertna-dvorana\/\" \/>\n<meta property=\"og:locale\" content=\"sr_RS\" \/>\n<meta property=\"og:type\" content=\"article\" \/>\n<meta property=\"og:title\" content=\"Nova koncertna dvorana | Beogradska filharmonija\" \/>\n<meta property=\"og:description\" content=\"RU\u017dA CIVILIZACIJA \u2013 POGLED\u00a0U\u00a0BUDU\u0106NOST Vekovima je jedan mali pojas dunavske obale koji se prote\u017ee paralelno sa Velikim ratnim ostrvom do U\u0161\u0107a, ispod Beograda, bio podru\u010dje drevne granice isto\u010dnih i zapadnih carstava. Carstva su nastajala i nestajala, ali je granica ostajala kao mesto sukoba i ukr\u0161tanja civilizacija i imperija, od Ugarske i Vizantije do Habsbur\u0161ke monarhije [&hellip;]\" \/>\n<meta property=\"og:url\" content=\"https:\/\/www.bgf.rs\/lt\/projekti-i-aktivnosti\/nova-koncertna-dvorana\/\" \/>\n<meta property=\"og:site_name\" content=\"Beogradska filharmonija\" \/>\n<meta property=\"article:modified_time\" content=\"2017-11-13T18:04:43+00:00\" \/>\n<meta property=\"og:image\" content=\"https:\/\/www.bgf.rs\/wp-content\/uploads\/2016\/02\/1.-Nova-koncertna-dvorana.jpg\" \/>\n\t<meta property=\"og:image:width\" content=\"870\" \/>\n\t<meta property=\"og:image:height\" content=\"350\" \/>\n\t<meta property=\"og:image:type\" content=\"image\/jpeg\" \/>\n<meta name=\"twitter:card\" content=\"summary_large_image\" \/>\n<meta name=\"twitter:site\" content=\"@BGFilharmonija\" \/>\n<meta name=\"twitter:label1\" content=\"\u041f\u0440\u043e\u0446\u0435\u045a\u0435\u043d\u043e \u0432\u0440\u0435\u043c\u0435 \u0447\u0438\u0442\u0430\u045a\u0430\" \/>\n\t<meta name=\"twitter:data1\" content=\"2 \u043c\u0438\u043d\u0443\u0442\u0430\" \/>\n<script type=\"application\/ld+json\" class=\"yoast-schema-graph\">{\"@context\":\"https:\/\/schema.org\",\"@graph\":[{\"@type\":\"WebPage\",\"@id\":\"https:\/\/www.bgf.rs\/lt\/projekti-i-aktivnosti\/nova-koncertna-dvorana\/\",\"url\":\"https:\/\/www.bgf.rs\/lt\/projekti-i-aktivnosti\/nova-koncertna-dvorana\/\",\"name\":\"Nova koncertna dvorana | Beogradska filharmonija\",\"isPartOf\":{\"@id\":\"https:\/\/www.bgf.rs\/#website\"},\"primaryImageOfPage\":{\"@id\":\"https:\/\/www.bgf.rs\/lt\/projekti-i-aktivnosti\/nova-koncertna-dvorana\/#primaryimage\"},\"image\":{\"@id\":\"https:\/\/www.bgf.rs\/lt\/projekti-i-aktivnosti\/nova-koncertna-dvorana\/#primaryimage\"},\"thumbnailUrl\":\"https:\/\/www.bgf.rs\/wp-content\/uploads\/2016\/02\/1.-Nova-koncertna-dvorana.jpg\",\"datePublished\":\"2015-12-20T20:58:30+00:00\",\"dateModified\":\"2017-11-13T18:04:43+00:00\",\"breadcrumb\":{\"@id\":\"https:\/\/www.bgf.rs\/lt\/projekti-i-aktivnosti\/nova-koncertna-dvorana\/#breadcrumb\"},\"inLanguage\":\"sr-RS\",\"potentialAction\":[{\"@type\":\"ReadAction\",\"target\":[\"https:\/\/www.bgf.rs\/lt\/projekti-i-aktivnosti\/nova-koncertna-dvorana\/\"]}]},{\"@type\":\"ImageObject\",\"inLanguage\":\"sr-RS\",\"@id\":\"https:\/\/www.bgf.rs\/lt\/projekti-i-aktivnosti\/nova-koncertna-dvorana\/#primaryimage\",\"url\":\"https:\/\/www.bgf.rs\/wp-content\/uploads\/2016\/02\/1.-Nova-koncertna-dvorana.jpg\",\"contentUrl\":\"https:\/\/www.bgf.rs\/wp-content\/uploads\/2016\/02\/1.-Nova-koncertna-dvorana.jpg\",\"width\":870,\"height\":350},{\"@type\":\"BreadcrumbList\",\"@id\":\"https:\/\/www.bgf.rs\/lt\/projekti-i-aktivnosti\/nova-koncertna-dvorana\/#breadcrumb\",\"itemListElement\":[{\"@type\":\"ListItem\",\"position\":1,\"name\":\"Home\",\"item\":\"https:\/\/www.bgf.rs\/\"},{\"@type\":\"ListItem\",\"position\":2,\"name\":\"Projekti i aktivnosti\",\"item\":\"https:\/\/www.bgf.rs\/lt\/projekti-i-aktivnosti\/\"},{\"@type\":\"ListItem\",\"position\":3,\"name\":\"Nova koncertna dvorana\"}]},{\"@type\":\"WebSite\",\"@id\":\"https:\/\/www.bgf.rs\/#website\",\"url\":\"https:\/\/www.bgf.rs\/\",\"name\":\"Beogradska filharmonija\",\"description\":\"Samo muzika - jer do\u017eivljaj nema cenu!\",\"potentialAction\":[{\"@type\":\"SearchAction\",\"target\":{\"@type\":\"EntryPoint\",\"urlTemplate\":\"https:\/\/www.bgf.rs\/?s={search_term_string}\"},\"query-input\":{\"@type\":\"PropertyValueSpecification\",\"valueRequired\":true,\"valueName\":\"search_term_string\"}}],\"inLanguage\":\"sr-RS\"}]}<\/script>\n<!-- \/ Yoast SEO plugin. -->","yoast_head_json":{"title":"Nova koncertna dvorana | Beogradska filharmonija","robots":{"index":"index","follow":"follow","max-snippet":"max-snippet:-1","max-image-preview":"max-image-preview:large","max-video-preview":"max-video-preview:-1"},"canonical":"https:\/\/www.bgf.rs\/projekti-i-aktivnosti\/nova-koncertna-dvorana\/","og_locale":"sr_RS","og_type":"article","og_title":"Nova koncertna dvorana | Beogradska filharmonija","og_description":"RU\u017dA CIVILIZACIJA \u2013 POGLED\u00a0U\u00a0BUDU\u0106NOST Vekovima je jedan mali pojas dunavske obale koji se prote\u017ee paralelno sa Velikim ratnim ostrvom do U\u0161\u0107a, ispod Beograda, bio podru\u010dje drevne granice isto\u010dnih i zapadnih carstava. Carstva su nastajala i nestajala, ali je granica ostajala kao mesto sukoba i ukr\u0161tanja civilizacija i imperija, od Ugarske i Vizantije do Habsbur\u0161ke monarhije [&hellip;]","og_url":"https:\/\/www.bgf.rs\/lt\/projekti-i-aktivnosti\/nova-koncertna-dvorana\/","og_site_name":"Beogradska filharmonija","article_modified_time":"2017-11-13T18:04:43+00:00","og_image":[{"width":870,"height":350,"url":"https:\/\/www.bgf.rs\/wp-content\/uploads\/2016\/02\/1.-Nova-koncertna-dvorana.jpg","type":"image\/jpeg"}],"twitter_card":"summary_large_image","twitter_site":"@BGFilharmonija","twitter_misc":{"\u041f\u0440\u043e\u0446\u0435\u045a\u0435\u043d\u043e \u0432\u0440\u0435\u043c\u0435 \u0447\u0438\u0442\u0430\u045a\u0430":"2 \u043c\u0438\u043d\u0443\u0442\u0430"},"schema":{"@context":"https:\/\/schema.org","@graph":[{"@type":"WebPage","@id":"https:\/\/www.bgf.rs\/lt\/projekti-i-aktivnosti\/nova-koncertna-dvorana\/","url":"https:\/\/www.bgf.rs\/lt\/projekti-i-aktivnosti\/nova-koncertna-dvorana\/","name":"Nova koncertna dvorana | Beogradska filharmonija","isPartOf":{"@id":"https:\/\/www.bgf.rs\/#website"},"primaryImageOfPage":{"@id":"https:\/\/www.bgf.rs\/lt\/projekti-i-aktivnosti\/nova-koncertna-dvorana\/#primaryimage"},"image":{"@id":"https:\/\/www.bgf.rs\/lt\/projekti-i-aktivnosti\/nova-koncertna-dvorana\/#primaryimage"},"thumbnailUrl":"https:\/\/www.bgf.rs\/wp-content\/uploads\/2016\/02\/1.-Nova-koncertna-dvorana.jpg","datePublished":"2015-12-20T20:58:30+00:00","dateModified":"2017-11-13T18:04:43+00:00","breadcrumb":{"@id":"https:\/\/www.bgf.rs\/lt\/projekti-i-aktivnosti\/nova-koncertna-dvorana\/#breadcrumb"},"inLanguage":"sr-RS","potentialAction":[{"@type":"ReadAction","target":["https:\/\/www.bgf.rs\/lt\/projekti-i-aktivnosti\/nova-koncertna-dvorana\/"]}]},{"@type":"ImageObject","inLanguage":"sr-RS","@id":"https:\/\/www.bgf.rs\/lt\/projekti-i-aktivnosti\/nova-koncertna-dvorana\/#primaryimage","url":"https:\/\/www.bgf.rs\/wp-content\/uploads\/2016\/02\/1.-Nova-koncertna-dvorana.jpg","contentUrl":"https:\/\/www.bgf.rs\/wp-content\/uploads\/2016\/02\/1.-Nova-koncertna-dvorana.jpg","width":870,"height":350},{"@type":"BreadcrumbList","@id":"https:\/\/www.bgf.rs\/lt\/projekti-i-aktivnosti\/nova-koncertna-dvorana\/#breadcrumb","itemListElement":[{"@type":"ListItem","position":1,"name":"Home","item":"https:\/\/www.bgf.rs\/"},{"@type":"ListItem","position":2,"name":"Projekti i aktivnosti","item":"https:\/\/www.bgf.rs\/lt\/projekti-i-aktivnosti\/"},{"@type":"ListItem","position":3,"name":"Nova koncertna dvorana"}]},{"@type":"WebSite","@id":"https:\/\/www.bgf.rs\/#website","url":"https:\/\/www.bgf.rs\/","name":"Beogradska filharmonija","description":"Samo muzika - jer do\u017eivljaj nema cenu!","potentialAction":[{"@type":"SearchAction","target":{"@type":"EntryPoint","urlTemplate":"https:\/\/www.bgf.rs\/?s={search_term_string}"},"query-input":{"@type":"PropertyValueSpecification","valueRequired":true,"valueName":"search_term_string"}}],"inLanguage":"sr-RS"}]}},"_links":{"self":[{"href":"https:\/\/www.bgf.rs\/lt\/wp-json\/wp\/v2\/pages\/2465\/"}],"collection":[{"href":"https:\/\/www.bgf.rs\/lt\/wp-json\/wp\/v2\/pages\/"}],"about":[{"href":"https:\/\/www.bgf.rs\/lt\/wp-json\/wp\/v2\/types\/page\/"}],"author":[{"embeddable":true,"href":"https:\/\/www.bgf.rs\/lt\/wp-json\/wp\/v2\/users\/1\/"}],"replies":[{"embeddable":true,"href":"https:\/\/www.bgf.rs\/lt\/wp-json\/wp\/v2\/comments\/?post=2465"}],"version-history":[{"count":0,"href":"https:\/\/www.bgf.rs\/lt\/wp-json\/wp\/v2\/pages\/2465\/revisions\/"}],"up":[{"embeddable":true,"href":"https:\/\/www.bgf.rs\/lt\/wp-json\/wp\/v2\/pages\/1678\/"}],"wp:featuredmedia":[{"embeddable":true,"href":"https:\/\/www.bgf.rs\/lt\/wp-json\/wp\/v2\/media\/4994\/"}],"wp:attachment":[{"href":"https:\/\/www.bgf.rs\/lt\/wp-json\/wp\/v2\/media\/?parent=2465"}],"curies":[{"name":"wp","href":"https:\/\/api.w.org\/{rel}","templated":true}]}}